{"id":3501,"date":"2026-04-29T09:21:21","date_gmt":"2026-04-29T14:21:21","guid":{"rendered":"https:\/\/www.grade.org.pe\/creer\/?post_type=actividad&#038;p=3501"},"modified":"2026-04-29T09:22:17","modified_gmt":"2026-04-29T14:22:17","slug":"hola","status":"publish","type":"actividad","link":"https:\/\/www.grade.org.pe\/creer\/actividad\/hola\/","title":{"rendered":"Comunicaci\u00f3n?"},"content":{"rendered":"<p data-start=\"190\" data-end=\"726\"><img loading=\"lazy\" decoding=\"async\" class=\"alignnone wp-image-3249 size-large\" src=\"https:\/\/www.grade.org.pe\/creer\/archivos\/CREER-Sesiones_Web-1200x300.png\" alt=\"\" width=\"1200\" height=\"300\" srcset=\"https:\/\/www.grade.org.pe\/creer\/archivos\/CREER-Sesiones_Web-1200x300.png 1200w, https:\/\/www.grade.org.pe\/creer\/archivos\/CREER-Sesiones_Web-600x150.png 600w, https:\/\/www.grade.org.pe\/creer\/archivos\/CREER-Sesiones_Web-768x192.png 768w, https:\/\/www.grade.org.pe\/creer\/archivos\/CREER-Sesiones_Web-1536x384.png 1536w, https:\/\/www.grade.org.pe\/creer\/archivos\/CREER-Sesiones_Web-1320x330.png 1320w, https:\/\/www.grade.org.pe\/creer\/archivos\/CREER-Sesiones_Web.png 2000w\" sizes=\"auto, (max-width: 1200px) 100vw, 1200px\" \/><\/p>\n<p data-start=\"190\" data-end=\"726\">Desde 2022, el Proyecto CREER \u2013 Creciendo con las Escuelas Rurales Multigrado del Per\u00fa, implementado por GRADE con el apoyo de Old Dart Foundation, ha trabajado con docentes y comunidades educativas de 32 escuelas en Cajamarca para fortalecer los aprendizajes en aulas multigrado.<\/p>\n<p data-start=\"190\" data-end=\"726\">Como parte de este esfuerzo, nos entusiasma compartir las <strong data-start=\"526\" data-end=\"582\">sesiones de aprendizaje de Matem\u00e1tica y Comunicaci\u00f3n<\/strong> del Proyecto, dise\u00f1adas para facilitar la planificaci\u00f3n y conducci\u00f3n de clases estructuradas y flexibles, adaptadas a la diversidad de niveles en el aula.<\/p>\n<h3 data-start=\"728\" data-end=\"781\"><strong data-start=\"732\" data-end=\"779\">Una propuesta pedag\u00f3gica para la diversidad<\/strong><\/h3>\n<p data-start=\"782\" data-end=\"1253\">El aula multigrado presenta un reto central: la coexistencia de estudiantes con distintos niveles de aprendizaje. Por ello, estas sesiones organizan la ense\u00f1anza en <strong data-start=\"947\" data-end=\"982\">dos trayectorias de aprendizaje<\/strong>, que permiten que cada estudiante avance a su propio ritmo y seg\u00fan su nivel de desarrollo. Las actividades est\u00e1n dise\u00f1adas con un enfoque progresivo, de menor a mayor complejidad, e incluyen variantes para atender las diferencias individuales dentro de un mismo grupo.<\/p>\n<p data-start=\"1255\" data-end=\"1475\">Esta propuesta no solo busca mejorar el rendimiento en Matem\u00e1tica y Comunicaci\u00f3n, sino tambi\u00e9n fortalecer la toma de decisiones pedag\u00f3gicas y el rol docente en la planificaci\u00f3n, conducci\u00f3n y evaluaci\u00f3n del aprendizaje.<\/p>\n<h3 data-start=\"1477\" data-end=\"1527\"><strong data-start=\"1481\" data-end=\"1525\">Un recurso para docentes de todo el pa\u00eds<\/strong><\/h3>\n<p data-start=\"1528\" data-end=\"1851\">Las sesiones han sido implementadas y ajustadas con base en la experiencia en aula y en evaluaciones continuas. <strong>Ahora, estar\u00e1n disponibles para que m\u00e1s docentes puedan utilizarlas en sus propias clases y adaptarlas a su pr\u00e1ctica pedag\u00f3gica.<\/strong><\/p>\n<h4 style=\"text-align: center;\" data-start=\"1528\" data-end=\"1851\">\ud83c\udf31<\/h4>\n<p><strong>A continuaci\u00f3n, puedes hacer clic sobre cada Sesi\u00f3n de Aprendizaje y sus anexos para acceder a ellos.<\/strong><\/p>\n<h3 data-start=\"1528\" data-end=\"1851\">Sesi\u00f3n N\u00ba 1 &#8211; <span style=\"color: #f79524;\">Comunicaci\u00f3n:<\/span> \u00abLeemos una descripci\u00f3n y nos describimos\u00bb<\/h3>\n<p data-start=\"1528\" data-end=\"1851\"><a href=\"https:\/\/www.grade.org.pe\/creer\/recurso\/sesiones-de-aprendizaje-creer-no-1-comunicacion-leemos-una-descripcion-y-nos-describimos\/\" target=\"_blank\" rel=\"noopener\"><img loading=\"lazy\" decoding=\"async\" class=\"alignnone wp-image-3161\" src=\"https:\/\/www.grade.org.pe\/creer\/archivos\/CREER-Sesiones-Portadas_COMU-S01-424x600.jpg\" alt=\"\" width=\"283\" height=\"400\" srcset=\"https:\/\/www.grade.org.pe\/creer\/archivos\/CREER-Sesiones-Portadas_COMU-S01-424x600.jpg 424w, https:\/\/www.grade.org.pe\/creer\/archivos\/CREER-Sesiones-Portadas_COMU-S01.jpg 595w\" sizes=\"auto, (max-width: 283px) 100vw, 283px\" \/><\/a> <a href=\"https:\/\/www.grade.org.pe\/creer\/recurso\/anexos-de-la-sesion-no-1-comunicacion-leemos-una-descripcion-y-nos-describimos\/\" target=\"_blank\" rel=\"noopener\"><img loading=\"lazy\" decoding=\"async\" class=\"alignnone wp-image-3146\" src=\"https:\/\/www.grade.org.pe\/creer\/archivos\/CREER-Sesiones-Portadas_COMU-A01-424x600.jpg\" alt=\"\" width=\"283\" height=\"400\" srcset=\"https:\/\/www.grade.org.pe\/creer\/archivos\/CREER-Sesiones-Portadas_COMU-A01-424x600.jpg 424w, https:\/\/www.grade.org.pe\/creer\/archivos\/CREER-Sesiones-Portadas_COMU-A01.jpg 595w\" sizes=\"auto, (max-width: 283px) 100vw, 283px\" \/><\/a><\/p>\n<h3 data-start=\"1528\" data-end=\"1851\"><\/h3>\n<h3 data-start=\"1528\" data-end=\"1851\">Sesi\u00f3n N\u00ba 2 &#8211; <span style=\"color: #f79524;\">Comunicaci\u00f3n:<\/span> \u00abLeemos rimas y coplas y creamos las nuestras\u00bb<\/h3>\n<p><a href=\"https:\/\/www.grade.org.pe\/creer\/recurso\/sesiones-de-aprendizaje-creer-no-2-comunicacion-leemos-rimas-y-coplas-y-creamos-las-nuestras\/\" target=\"_blank\" rel=\"noopener\"><img loading=\"lazy\" decoding=\"async\" class=\"alignnone wp-image-3162\" src=\"https:\/\/www.grade.org.pe\/creer\/archivos\/CREER-Sesiones-Portadas_COMU-S02-424x600.jpg\" alt=\"\" width=\"283\" height=\"400\" srcset=\"https:\/\/www.grade.org.pe\/creer\/archivos\/CREER-Sesiones-Portadas_COMU-S02-424x600.jpg 424w, https:\/\/www.grade.org.pe\/creer\/archivos\/CREER-Sesiones-Portadas_COMU-S02.jpg 595w\" sizes=\"auto, (max-width: 283px) 100vw, 283px\" \/><\/a> <a href=\"https:\/\/www.grade.org.pe\/creer\/recurso\/anexos-de-la-sesion-no-2-comunicacion-leemos-rimas-y-coplas-y-creamos-las-nuestras\/\" target=\"_blank\" rel=\"noopener\"><img loading=\"lazy\" decoding=\"async\" class=\"alignnone wp-image-3147\" src=\"https:\/\/www.grade.org.pe\/creer\/archivos\/CREER-Sesiones-Portadas_COMU-A02-424x600.jpg\" alt=\"\" width=\"283\" height=\"400\" srcset=\"https:\/\/www.grade.org.pe\/creer\/archivos\/CREER-Sesiones-Portadas_COMU-A02-424x600.jpg 424w, https:\/\/www.grade.org.pe\/creer\/archivos\/CREER-Sesiones-Portadas_COMU-A02.jpg 595w\" sizes=\"auto, (max-width: 283px) 100vw, 283px\" \/><\/a><\/p>\n<h3 data-start=\"1528\" data-end=\"1851\">Sesi\u00f3n N\u00ba 3 &#8211; <span style=\"color: #f79524;\">Comunicaci\u00f3n:<\/span> \u00abLeemos para hacer una m\u00e1scara y creamos di\u00e1logos para jugar con ella\u00bb<\/h3>\n<p><a href=\"https:\/\/www.grade.org.pe\/creer\/recurso\/sesiones-de-aprendizaje-creer-no-3-comunicacion-leemos-para-hacer-una-mascara-y-creamos-dialogos-para-jugar-con-ella\/\" target=\"_blank\" rel=\"noopener\"><img loading=\"lazy\" decoding=\"async\" class=\"alignnone wp-image-3163\" src=\"https:\/\/www.grade.org.pe\/creer\/archivos\/CREER-Sesiones-Portadas_COMU-S03-424x600.jpg\" alt=\"\" width=\"283\" height=\"400\" srcset=\"https:\/\/www.grade.org.pe\/creer\/archivos\/CREER-Sesiones-Portadas_COMU-S03-424x600.jpg 424w, https:\/\/www.grade.org.pe\/creer\/archivos\/CREER-Sesiones-Portadas_COMU-S03.jpg 595w\" sizes=\"auto, (max-width: 283px) 100vw, 283px\" \/><\/a> <a href=\"https:\/\/www.grade.org.pe\/creer\/recurso\/anexos-de-la-sesion-no-3-comunicacion-leemos-para-hacer-una-mascara-y-creamos-dialogos-para-jugar-con-ella\/\" target=\"_blank\" rel=\"noopener\"><img loading=\"lazy\" decoding=\"async\" class=\"alignnone wp-image-3148\" src=\"https:\/\/www.grade.org.pe\/creer\/archivos\/CREER-Sesiones-Portadas_COMU-A03-424x600.jpg\" alt=\"\" width=\"283\" height=\"400\" srcset=\"https:\/\/www.grade.org.pe\/creer\/archivos\/CREER-Sesiones-Portadas_COMU-A03-424x600.jpg 424w, https:\/\/www.grade.org.pe\/creer\/archivos\/CREER-Sesiones-Portadas_COMU-A03.jpg 595w\" sizes=\"auto, (max-width: 283px) 100vw, 283px\" \/><\/a><\/p>\n<p>&nbsp;<\/p>\n<h3 data-start=\"1528\" data-end=\"1851\">Sesi\u00f3n N\u00ba 4 &#8211; <span style=\"color: #f79524;\">Comunicaci\u00f3n:<\/span> \u00abLeemos afiches y elaboramos uno sobre una actividad de la escuela o comunidad\u00bb<\/h3>\n<p><a href=\"https:\/\/www.grade.org.pe\/creer\/recurso\/sesiones-de-aprendizaje-creer-no-4-comunicacion-leemos-afiches-y-elaboramos-uno-sobre-una-actividad-de-la-escuela-o-comunidad\/\" target=\"_blank\" rel=\"noopener\"><img loading=\"lazy\" decoding=\"async\" class=\"alignnone wp-image-3164\" src=\"https:\/\/www.grade.org.pe\/creer\/archivos\/CREER-Sesiones-Portadas_COMU-S04-424x600.jpg\" alt=\"\" width=\"283\" height=\"400\" srcset=\"https:\/\/www.grade.org.pe\/creer\/archivos\/CREER-Sesiones-Portadas_COMU-S04-424x600.jpg 424w, https:\/\/www.grade.org.pe\/creer\/archivos\/CREER-Sesiones-Portadas_COMU-S04.jpg 595w\" sizes=\"auto, (max-width: 283px) 100vw, 283px\" \/><\/a> <a href=\"https:\/\/www.grade.org.pe\/creer\/recurso\/anexos-de-la-sesion-no-4-comunicacion-leemos-afiches-y-elaboramos-uno-sobre-una-actividad-de-la-escuela-o-comunidad\/\" target=\"_blank\" rel=\"noopener\"><img loading=\"lazy\" decoding=\"async\" class=\"alignnone wp-image-3149\" src=\"https:\/\/www.grade.org.pe\/creer\/archivos\/CREER-Sesiones-Portadas_COMU-A04-424x600.jpg\" alt=\"\" width=\"283\" height=\"400\" srcset=\"https:\/\/www.grade.org.pe\/creer\/archivos\/CREER-Sesiones-Portadas_COMU-A04-424x600.jpg 424w, https:\/\/www.grade.org.pe\/creer\/archivos\/CREER-Sesiones-Portadas_COMU-A04.jpg 595w\" sizes=\"auto, (max-width: 283px) 100vw, 283px\" \/><\/a><\/p>\n<p>&nbsp;<\/p>\n<h3 data-start=\"1528\" data-end=\"1851\">Sesi\u00f3n N\u00ba 5 &#8211; <span style=\"color: #f79524;\">Comunicaci\u00f3n:<\/span> \u00abLeemos sobre el venado andino y describimos un animal que conocemos\u00bb<\/h3>\n<p><a href=\"https:\/\/www.grade.org.pe\/creer\/recurso\/sesiones-de-aprendizaje-creer-no-5-comunicacion-leemos-sobre-el-venado-andino-y-describimos-un-animal-que-conocemos\/\" target=\"_blank\" rel=\"noopener\"><img loading=\"lazy\" decoding=\"async\" class=\"alignnone wp-image-3165\" src=\"https:\/\/www.grade.org.pe\/creer\/archivos\/CREER-Sesiones-Portadas_COMU-S05-424x600.jpg\" alt=\"\" width=\"283\" height=\"400\" srcset=\"https:\/\/www.grade.org.pe\/creer\/archivos\/CREER-Sesiones-Portadas_COMU-S05-424x600.jpg 424w, https:\/\/www.grade.org.pe\/creer\/archivos\/CREER-Sesiones-Portadas_COMU-S05.jpg 595w\" sizes=\"auto, (max-width: 283px) 100vw, 283px\" \/><\/a> <a href=\"https:\/\/www.grade.org.pe\/creer\/recurso\/anexos-de-la-sesion-no-5-comunicacion-leemos-sobre-el-venado-andino-y-describimos-un-animal-que-conocemos\/\" target=\"_blank\" rel=\"noopener\"><img loading=\"lazy\" decoding=\"async\" class=\"alignnone wp-image-3150\" src=\"https:\/\/www.grade.org.pe\/creer\/archivos\/CREER-Sesiones-Portadas_COMU-A05-424x600.jpg\" alt=\"\" width=\"283\" height=\"400\" srcset=\"https:\/\/www.grade.org.pe\/creer\/archivos\/CREER-Sesiones-Portadas_COMU-A05-424x600.jpg 424w, https:\/\/www.grade.org.pe\/creer\/archivos\/CREER-Sesiones-Portadas_COMU-A05.jpg 595w\" sizes=\"auto, (max-width: 283px) 100vw, 283px\" \/><\/a><\/p>\n<p>&nbsp;<\/p>\n<h3 data-start=\"1528\" data-end=\"1851\">Sesi\u00f3n N\u00ba 6 &#8211; <span style=\"color: #f79524;\">Comunicaci\u00f3n:<\/span> \u00abLeemos un texto informativo sobre el cuidado de la salud y escribimos recomendaciones para nuestros familiares\u00bb<\/h3>\n<p><a href=\"https:\/\/www.grade.org.pe\/creer\/recurso\/sesiones-de-aprendizaje-creer-no-6-comunicacion-leemos-un-texto-informativo-sobre-el-cuidado-de-la-salud-y-escribimos-recomendaciones-para-nuestros-familiares\/\" target=\"_blank\" rel=\"noopener\"><img loading=\"lazy\" decoding=\"async\" class=\"alignnone wp-image-3166\" src=\"https:\/\/www.grade.org.pe\/creer\/archivos\/CREER-Sesiones-Portadas_COMU-S06-424x600.jpg\" alt=\"\" width=\"283\" height=\"400\" srcset=\"https:\/\/www.grade.org.pe\/creer\/archivos\/CREER-Sesiones-Portadas_COMU-S06-424x600.jpg 424w, https:\/\/www.grade.org.pe\/creer\/archivos\/CREER-Sesiones-Portadas_COMU-S06.jpg 595w\" sizes=\"auto, (max-width: 283px) 100vw, 283px\" \/><\/a> <a href=\"https:\/\/www.grade.org.pe\/creer\/recurso\/anexos-de-la-sesion-no-6-comunicacion-leemos-un-texto-informativo-sobre-el-cuidado-de-la-salud-y-escribimos-recomendaciones-para-nuestros-familiares\/\" target=\"_blank\" rel=\"noopener\"><img loading=\"lazy\" decoding=\"async\" class=\"alignnone wp-image-3151\" src=\"https:\/\/www.grade.org.pe\/creer\/archivos\/CREER-Sesiones-Portadas_COMU-A06-424x600.jpg\" alt=\"\" width=\"283\" height=\"400\" srcset=\"https:\/\/www.grade.org.pe\/creer\/archivos\/CREER-Sesiones-Portadas_COMU-A06-424x600.jpg 424w, https:\/\/www.grade.org.pe\/creer\/archivos\/CREER-Sesiones-Portadas_COMU-A06.jpg 595w\" sizes=\"auto, (max-width: 283px) 100vw, 283px\" \/><\/a><\/p>\n<p>&nbsp;<\/p>\n<h3 data-start=\"1528\" data-end=\"1851\">Sesi\u00f3n N\u00ba 7 &#8211; <span style=\"color: #f79524;\">Comunicaci\u00f3n:<\/span> \u00abLeemos un poema y creamos estrofas para compartirlas en clase\u00bb<\/h3>\n<p><a href=\"https:\/\/www.grade.org.pe\/creer\/recurso\/sesiones-de-aprendizaje-creer-no-7-comunicacion-leemos-un-poema-y-creamos-estrofas-para-compartirlas-en-clase\/\" target=\"_blank\" rel=\"noopener\"><img loading=\"lazy\" decoding=\"async\" class=\"alignnone wp-image-3167\" src=\"https:\/\/www.grade.org.pe\/creer\/archivos\/CREER-Sesiones-Portadas_COMU-S07-424x600.jpg\" alt=\"\" width=\"283\" height=\"400\" srcset=\"https:\/\/www.grade.org.pe\/creer\/archivos\/CREER-Sesiones-Portadas_COMU-S07-424x600.jpg 424w, https:\/\/www.grade.org.pe\/creer\/archivos\/CREER-Sesiones-Portadas_COMU-S07.jpg 595w\" sizes=\"auto, (max-width: 283px) 100vw, 283px\" \/><\/a> <a href=\"https:\/\/www.grade.org.pe\/creer\/recurso\/anexos-de-la-sesion-no-7-comunicacion-leemos-un-poema-y-creamos-estrofas-para-compartirlas-en-clase\/\" target=\"_blank\" rel=\"noopener\"><img loading=\"lazy\" decoding=\"async\" class=\"alignnone wp-image-3152\" src=\"https:\/\/www.grade.org.pe\/creer\/archivos\/CREER-Sesiones-Portadas_COMU-A07-424x600.jpg\" alt=\"\" width=\"283\" height=\"400\" srcset=\"https:\/\/www.grade.org.pe\/creer\/archivos\/CREER-Sesiones-Portadas_COMU-A07-424x600.jpg 424w, https:\/\/www.grade.org.pe\/creer\/archivos\/CREER-Sesiones-Portadas_COMU-A07.jpg 595w\" sizes=\"auto, (max-width: 283px) 100vw, 283px\" \/><\/a><\/p>\n<p>&nbsp;<\/p>\n<h3 data-start=\"1528\" data-end=\"1851\">Sesi\u00f3n N\u00ba 8 &#8211; <span style=\"color: #f79524;\">Comunicaci\u00f3n:<\/span> \u00ab\u00bfQu\u00e9 y cu\u00e1nto estamos aprendiendo a leer y escribir?\u00bb<\/h3>\n<p><a href=\"https:\/\/www.grade.org.pe\/creer\/recurso\/sesiones-de-aprendizaje-creer-no-8-comunicacion-que-y-cuanto-estamos-aprendiendo-a-leer-y-escribir\/\" target=\"_blank\" rel=\"noopener\"><img loading=\"lazy\" decoding=\"async\" class=\"alignnone wp-image-3168\" src=\"https:\/\/www.grade.org.pe\/creer\/archivos\/CREER-Sesiones-Portadas_COMU-S08-424x600.jpg\" alt=\"\" width=\"283\" height=\"400\" srcset=\"https:\/\/www.grade.org.pe\/creer\/archivos\/CREER-Sesiones-Portadas_COMU-S08-424x600.jpg 424w, https:\/\/www.grade.org.pe\/creer\/archivos\/CREER-Sesiones-Portadas_COMU-S08.jpg 595w\" sizes=\"auto, (max-width: 283px) 100vw, 283px\" \/><\/a> <a href=\"https:\/\/www.grade.org.pe\/creer\/recurso\/anexos-de-la-sesion-no-8-comunicacion-que-y-cuanto-estamos-aprendiendo-a-leer-y-escribir\/\" target=\"_blank\" rel=\"noopener\"><img loading=\"lazy\" decoding=\"async\" class=\"alignnone wp-image-3153\" src=\"https:\/\/www.grade.org.pe\/creer\/archivos\/CREER-Sesiones-Portadas_COMU-A08-424x600.jpg\" alt=\"\" width=\"283\" height=\"400\" srcset=\"https:\/\/www.grade.org.pe\/creer\/archivos\/CREER-Sesiones-Portadas_COMU-A08-424x600.jpg 424w, https:\/\/www.grade.org.pe\/creer\/archivos\/CREER-Sesiones-Portadas_COMU-A08.jpg 595w\" sizes=\"auto, (max-width: 283px) 100vw, 283px\" \/><\/a><\/p>\n<p>&nbsp;<\/p>\n<h3 data-start=\"1528\" data-end=\"1851\">Sesi\u00f3n N\u00ba 9 &#8211; <span style=\"color: #f79524;\">Comunicaci\u00f3n:<\/span> \u00abLeemos un cuento sobre el cuidado del planeta y escribimos recomendaciones para cuidarlo\u00bb<\/h3>\n<p><a href=\"https:\/\/www.grade.org.pe\/creer\/recurso\/sesiones-de-aprendizaje-creer-no-9-comunicacion-leemos-un-cuento-sobre-el-cuidado-del-planeta-y-escribimos-recomendaciones-para-cuidarlo\/\" target=\"_blank\" rel=\"noopener\"><img loading=\"lazy\" decoding=\"async\" class=\"alignnone wp-image-3169\" src=\"https:\/\/www.grade.org.pe\/creer\/archivos\/CREER-Sesiones-Portadas_COMU-S09-424x600.jpg\" alt=\"\" width=\"283\" height=\"400\" srcset=\"https:\/\/www.grade.org.pe\/creer\/archivos\/CREER-Sesiones-Portadas_COMU-S09-424x600.jpg 424w, https:\/\/www.grade.org.pe\/creer\/archivos\/CREER-Sesiones-Portadas_COMU-S09.jpg 595w\" sizes=\"auto, (max-width: 283px) 100vw, 283px\" \/><\/a> <a href=\"https:\/\/www.grade.org.pe\/creer\/recurso\/anexos-de-la-sesion-no-9-comunicacion-leemos-un-cuento-sobre-el-cuidado-del-planeta-y-escribimos-recomendaciones-para-cuidarlo\/\" target=\"_blank\" rel=\"noopener\"><img loading=\"lazy\" decoding=\"async\" class=\"alignnone wp-image-3154\" src=\"https:\/\/www.grade.org.pe\/creer\/archivos\/CREER-Sesiones-Portadas_COMU-A09-424x600.jpg\" alt=\"\" width=\"283\" height=\"400\" srcset=\"https:\/\/www.grade.org.pe\/creer\/archivos\/CREER-Sesiones-Portadas_COMU-A09-424x600.jpg 424w, https:\/\/www.grade.org.pe\/creer\/archivos\/CREER-Sesiones-Portadas_COMU-A09.jpg 595w\" sizes=\"auto, (max-width: 283px) 100vw, 283px\" \/><\/a><\/p>\n<p>&nbsp;<\/p>\n<h3 data-start=\"1528\" data-end=\"1851\">Sesi\u00f3n N\u00ba 10 &#8211; <span style=\"color: #f79524;\">Comunicaci\u00f3n:<\/span> \u00abLeemos noticias y creamos las nuestras de forma oral y escrita\u00bb<\/h3>\n<p><a href=\"https:\/\/www.grade.org.pe\/creer\/recurso\/sesiones-de-aprendizaje-creer-no-10-comunicacion-leemos-noticias-y-creamos-las-nuestras-de-forma-oral-y-escrita\/\" target=\"_blank\" rel=\"noopener\"><img loading=\"lazy\" decoding=\"async\" class=\"alignnone wp-image-3170\" src=\"https:\/\/www.grade.org.pe\/creer\/archivos\/CREER-Sesiones-Portadas_COMU-S10-424x600.jpg\" alt=\"\" width=\"283\" height=\"400\" srcset=\"https:\/\/www.grade.org.pe\/creer\/archivos\/CREER-Sesiones-Portadas_COMU-S10-424x600.jpg 424w, https:\/\/www.grade.org.pe\/creer\/archivos\/CREER-Sesiones-Portadas_COMU-S10.jpg 595w\" sizes=\"auto, (max-width: 283px) 100vw, 283px\" \/><\/a> <a href=\"https:\/\/www.grade.org.pe\/creer\/recurso\/anexos-de-la-sesion-no-10-comunicacion-leemos-noticias-y-creamos-las-nuestras-de-forma-oral-y-escrita\/\" target=\"_blank\" rel=\"noopener\"><img loading=\"lazy\" decoding=\"async\" class=\"alignnone wp-image-3155\" src=\"https:\/\/www.grade.org.pe\/creer\/archivos\/CREER-Sesiones-Portadas_COMU-A10-424x600.jpg\" alt=\"\" width=\"283\" height=\"400\" srcset=\"https:\/\/www.grade.org.pe\/creer\/archivos\/CREER-Sesiones-Portadas_COMU-A10-424x600.jpg 424w, https:\/\/www.grade.org.pe\/creer\/archivos\/CREER-Sesiones-Portadas_COMU-A10.jpg 595w\" sizes=\"auto, (max-width: 283px) 100vw, 283px\" \/><\/a><\/p>\n<p>&nbsp;<\/p>\n<h3 data-start=\"1528\" data-end=\"1851\">Sesi\u00f3n N\u00ba 11 &#8211; <span style=\"color: #f79524;\">Comunicaci\u00f3n:<\/span> \u00abLeemos historietas y compartimos lo aprendido sobre ellas\u00bb<\/h3>\n<p><a href=\"https:\/\/www.grade.org.pe\/creer\/recurso\/sesiones-de-aprendizaje-creer-no-11-comunicacion-leemos-historietas-y-compartimos-lo-aprendido-sobre-ellas\/\" target=\"_blank\" rel=\"noopener\"><img loading=\"lazy\" decoding=\"async\" class=\"alignnone wp-image-3171\" src=\"https:\/\/www.grade.org.pe\/creer\/archivos\/CREER-Sesiones-Portadas_COMU-S11-424x600.jpg\" alt=\"\" width=\"283\" height=\"400\" srcset=\"https:\/\/www.grade.org.pe\/creer\/archivos\/CREER-Sesiones-Portadas_COMU-S11-424x600.jpg 424w, https:\/\/www.grade.org.pe\/creer\/archivos\/CREER-Sesiones-Portadas_COMU-S11.jpg 595w\" sizes=\"auto, (max-width: 283px) 100vw, 283px\" \/><\/a> <a href=\"https:\/\/www.grade.org.pe\/creer\/recurso\/anexos-de-la-sesion-no-11-comunicacion-leemos-historietas-y-compartimos-lo-aprendido-sobre-ellas\/\" target=\"_blank\" rel=\"noopener\"><img loading=\"lazy\" decoding=\"async\" class=\"alignnone wp-image-3156\" src=\"https:\/\/www.grade.org.pe\/creer\/archivos\/CREER-Sesiones-Portadas_COMU-A11-424x600.jpg\" alt=\"\" width=\"283\" height=\"400\" srcset=\"https:\/\/www.grade.org.pe\/creer\/archivos\/CREER-Sesiones-Portadas_COMU-A11-424x600.jpg 424w, https:\/\/www.grade.org.pe\/creer\/archivos\/CREER-Sesiones-Portadas_COMU-A11.jpg 595w\" sizes=\"auto, (max-width: 283px) 100vw, 283px\" \/><\/a><\/p>\n<p>&nbsp;<\/p>\n<h3 data-start=\"1528\" data-end=\"1851\">Sesi\u00f3n N\u00ba 12 &#8211; <span style=\"color: #f79524;\">Comunicaci\u00f3n:<\/span> \u00abLeemos una entrevista y escribimos preguntas para entrevistar a un personaje de la comunidad\u00bb<\/h3>\n<p><a href=\"https:\/\/www.grade.org.pe\/creer\/recurso\/sesiones-de-aprendizaje-creer-no-12-comunicacion-leemos-una-entrevista-y-escribimos-preguntas-para-entrevistar-a-un-personaje-de-la-comunidad\/\" target=\"_blank\" rel=\"noopener\"><img loading=\"lazy\" decoding=\"async\" class=\"alignnone wp-image-3172\" src=\"https:\/\/www.grade.org.pe\/creer\/archivos\/CREER-Sesiones-Portadas_COMU-S12-424x600.jpg\" alt=\"\" width=\"283\" height=\"400\" srcset=\"https:\/\/www.grade.org.pe\/creer\/archivos\/CREER-Sesiones-Portadas_COMU-S12-424x600.jpg 424w, https:\/\/www.grade.org.pe\/creer\/archivos\/CREER-Sesiones-Portadas_COMU-S12.jpg 595w\" sizes=\"auto, (max-width: 283px) 100vw, 283px\" \/><\/a> <a href=\"https:\/\/www.grade.org.pe\/creer\/recurso\/anexos-de-la-sesion-no-12-comunicacion-leemos-una-entrevista-y-escribimos-preguntas-para-entrevistar-a-un-personaje-de-la-comunidad\/\" target=\"_blank\" rel=\"noopener\"><img loading=\"lazy\" decoding=\"async\" class=\"alignnone wp-image-3157\" src=\"https:\/\/www.grade.org.pe\/creer\/archivos\/CREER-Sesiones-Portadas_COMU-A12-424x600.jpg\" alt=\"\" width=\"283\" height=\"400\" srcset=\"https:\/\/www.grade.org.pe\/creer\/archivos\/CREER-Sesiones-Portadas_COMU-A12-424x600.jpg 424w, https:\/\/www.grade.org.pe\/creer\/archivos\/CREER-Sesiones-Portadas_COMU-A12.jpg 595w\" sizes=\"auto, (max-width: 283px) 100vw, 283px\" \/><\/a><\/p>\n<p>&nbsp;<\/p>\n<h3 data-start=\"1528\" data-end=\"1851\">Sesi\u00f3n N\u00ba 13 &#8211; <span style=\"color: #f79524;\">Comunicaci\u00f3n:<\/span> \u00abLeemos una leyenda y elaboramos un mural sobre nuestras opiniones sobre ella\u00bb<\/h3>\n<p><a href=\"https:\/\/www.grade.org.pe\/creer\/recurso\/sesiones-de-aprendizaje-creer-no-13-comunicacion-leemos-una-leyenda-y-elaboramos-un-mural-sobre-nuestras-opiniones-sobre-ella\/\" target=\"_blank\" rel=\"noopener\"><img loading=\"lazy\" decoding=\"async\" class=\"alignnone wp-image-3173\" src=\"https:\/\/www.grade.org.pe\/creer\/archivos\/CREER-Sesiones-Portadas_COMU-S13-424x600.jpg\" alt=\"\" width=\"283\" height=\"400\" srcset=\"https:\/\/www.grade.org.pe\/creer\/archivos\/CREER-Sesiones-Portadas_COMU-S13-424x600.jpg 424w, https:\/\/www.grade.org.pe\/creer\/archivos\/CREER-Sesiones-Portadas_COMU-S13.jpg 595w\" sizes=\"auto, (max-width: 283px) 100vw, 283px\" \/><\/a> <a href=\"https:\/\/www.grade.org.pe\/creer\/recurso\/anexos-de-la-sesion-no-13-comunicacion-leemos-una-leyenda-y-elaboramos-un-mural-sobre-nuestras-opiniones-sobre-ella\/\" target=\"_blank\" rel=\"noopener\"><img loading=\"lazy\" decoding=\"async\" class=\"alignnone wp-image-3158\" src=\"https:\/\/www.grade.org.pe\/creer\/archivos\/CREER-Sesiones-Portadas_COMU-A13-424x600.jpg\" alt=\"\" width=\"283\" height=\"400\" srcset=\"https:\/\/www.grade.org.pe\/creer\/archivos\/CREER-Sesiones-Portadas_COMU-A13-424x600.jpg 424w, https:\/\/www.grade.org.pe\/creer\/archivos\/CREER-Sesiones-Portadas_COMU-A13.jpg 595w\" sizes=\"auto, (max-width: 283px) 100vw, 283px\" \/><\/a><\/p>\n<p>&nbsp;<\/p>\n<h3 data-start=\"1528\" data-end=\"1851\">Sesi\u00f3n N\u00ba 14 &#8211; <span style=\"color: #f79524;\">Comunicaci\u00f3n:<\/span> \u00abLeemos una infograf\u00eda sobre los retablos ayacuchanos y escribimos lo que aprendimos sobre ellos\u00bb<\/h3>\n<p><a href=\"https:\/\/www.grade.org.pe\/creer\/recurso\/sesiones-de-aprendizaje-creer-no-14-comunicacion-leemos-una-infografia-sobre-los-retablos-ayacuchanos-y-escribimos-lo-que-aprendimos-sobre-ellos\/\" target=\"_blank\" rel=\"noopener\"><img loading=\"lazy\" decoding=\"async\" class=\"alignnone wp-image-3174\" src=\"https:\/\/www.grade.org.pe\/creer\/archivos\/CREER-Sesiones-Portadas_COMU-S14-424x600.jpg\" alt=\"\" width=\"283\" height=\"400\" srcset=\"https:\/\/www.grade.org.pe\/creer\/archivos\/CREER-Sesiones-Portadas_COMU-S14-424x600.jpg 424w, https:\/\/www.grade.org.pe\/creer\/archivos\/CREER-Sesiones-Portadas_COMU-S14.jpg 595w\" sizes=\"auto, (max-width: 283px) 100vw, 283px\" \/><\/a> <a href=\"https:\/\/www.grade.org.pe\/creer\/recurso\/anexos-de-la-sesion-no-14-comunicacion-leemos-una-infografia-sobre-los-retablos-ayacuchanos-y-escribimos-lo-que-aprendimos-sobre-ellos\/\" target=\"_blank\" rel=\"noopener\"><img loading=\"lazy\" decoding=\"async\" class=\"alignnone wp-image-3159\" src=\"https:\/\/www.grade.org.pe\/creer\/archivos\/CREER-Sesiones-Portadas_COMU-A14-424x600.jpg\" alt=\"\" width=\"283\" height=\"400\" srcset=\"https:\/\/www.grade.org.pe\/creer\/archivos\/CREER-Sesiones-Portadas_COMU-A14-424x600.jpg 424w, https:\/\/www.grade.org.pe\/creer\/archivos\/CREER-Sesiones-Portadas_COMU-A14.jpg 595w\" sizes=\"auto, (max-width: 283px) 100vw, 283px\" \/><\/a><\/p>\n<p>&nbsp;<\/p>\n<h3 data-start=\"1528\" data-end=\"1851\">Sesi\u00f3n N\u00ba 15 &#8211; <span style=\"color: #f79524;\">Comunicaci\u00f3n:<\/span> \u00abLeemos sobre las frutas raras y comunicamos lo que aprendimos sobre ellas\u00bb<\/h3>\n<p><a href=\"https:\/\/www.grade.org.pe\/creer\/recurso\/sesiones-de-aprendizaje-creer-no-15-comunicacion-leemos-sobre-las-frutas-raras-y-comunicamos-lo-que-aprendimos-sobre-ellas\/\" target=\"_blank\" rel=\"noopener\"><img loading=\"lazy\" decoding=\"async\" class=\"alignnone wp-image-3244\" src=\"https:\/\/www.grade.org.pe\/creer\/archivos\/Copia-de-CREER-Sesiones-Portadas_COM-S15-424x600.jpg\" alt=\"\" width=\"283\" height=\"400\" srcset=\"https:\/\/www.grade.org.pe\/creer\/archivos\/Copia-de-CREER-Sesiones-Portadas_COM-S15-424x600.jpg 424w, https:\/\/www.grade.org.pe\/creer\/archivos\/Copia-de-CREER-Sesiones-Portadas_COM-S15.jpg 595w\" sizes=\"auto, (max-width: 283px) 100vw, 283px\" \/><\/a><a href=\"https:\/\/www.grade.org.pe\/creer\/recurso\/anexos-de-la-sesion-no-15-comunicacion-leemos-sobre-las-frutas-raras-y-comunicamos-lo-que-aprendimos-sobre-ellas\/\" target=\"_blank\" rel=\"noopener\"><img loading=\"lazy\" decoding=\"async\" class=\"alignnone wp-image-3160\" src=\"https:\/\/www.grade.org.pe\/creer\/archivos\/CREER-Sesiones-Portadas_COMU-A15-424x600.jpg\" alt=\"\" width=\"283\" height=\"400\" srcset=\"https:\/\/www.grade.org.pe\/creer\/archivos\/CREER-Sesiones-Portadas_COMU-A15-424x600.jpg 424w, https:\/\/www.grade.org.pe\/creer\/archivos\/CREER-Sesiones-Portadas_COMU-A15.jpg 595w\" sizes=\"auto, (max-width: 283px) 100vw, 283px\" \/><\/a><\/p>\n<p>&nbsp;<\/p>\n<h4 style=\"text-align: center;\" data-start=\"1528\" data-end=\"1851\">\ud83c\udf31<\/h4>\n<p>&nbsp;<\/p>\n<h3 data-start=\"1528\" data-end=\"1851\">Sesi\u00f3n N\u00ba 1 &#8211; <span style=\"color: #039dd9;\">Matem\u00e1tica:<\/span> \u00abAprendemos a contar y comparar n\u00fameros\u00bb<\/h3>\n<p><a href=\"https:\/\/www.grade.org.pe\/creer\/recurso\/sesiones-de-aprendizaje-creer-no-1-matematica-aprendemos-a-contar-y-comparar-numeros\/\" target=\"_blank\" rel=\"noopener\"><img loading=\"lazy\" decoding=\"async\" class=\"alignnone wp-image-3220\" src=\"https:\/\/www.grade.org.pe\/creer\/archivos\/CREER-Sesiones-Portadas_MATE-S01-424x600.jpg\" alt=\"\" width=\"283\" height=\"400\" srcset=\"https:\/\/www.grade.org.pe\/creer\/archivos\/CREER-Sesiones-Portadas_MATE-S01-424x600.jpg 424w, https:\/\/www.grade.org.pe\/creer\/archivos\/CREER-Sesiones-Portadas_MATE-S01.jpg 595w\" sizes=\"auto, (max-width: 283px) 100vw, 283px\" \/><\/a> <a href=\"https:\/\/www.grade.org.pe\/creer\/recurso\/anexos-de-la-sesion-no-1-matematica-aprendemos-a-contar-y-comparar-numeros\/\" target=\"_blank\" rel=\"noopener\"><img loading=\"lazy\" decoding=\"async\" class=\"alignnone wp-image-3205\" src=\"https:\/\/www.grade.org.pe\/creer\/archivos\/CREER-Sesiones-Portadas_MATE-A01-424x600.jpg\" alt=\"\" width=\"283\" height=\"400\" srcset=\"https:\/\/www.grade.org.pe\/creer\/archivos\/CREER-Sesiones-Portadas_MATE-A01-424x600.jpg 424w, https:\/\/www.grade.org.pe\/creer\/archivos\/CREER-Sesiones-Portadas_MATE-A01.jpg 595w\" sizes=\"auto, (max-width: 283px) 100vw, 283px\" \/><\/a><\/p>\n<p>&nbsp;<\/p>\n<h3 data-start=\"1528\" data-end=\"1851\">Sesi\u00f3n N\u00ba 2 &#8211; <span style=\"color: #039dd9;\">Matem\u00e1tica:<\/span> \u00abJugamos con semillas\u00bb<\/h3>\n<p><a href=\"https:\/\/www.grade.org.pe\/creer\/recurso\/sesiones-de-aprendizaje-creer-no-2-matematica-jugamos-con-semillas\/\" target=\"_blank\" rel=\"noopener\"><img loading=\"lazy\" decoding=\"async\" class=\"alignnone wp-image-3221\" src=\"https:\/\/www.grade.org.pe\/creer\/archivos\/CREER-Sesiones-Portadas_MATE-S02-424x600.jpg\" alt=\"\" width=\"283\" height=\"400\" srcset=\"https:\/\/www.grade.org.pe\/creer\/archivos\/CREER-Sesiones-Portadas_MATE-S02-424x600.jpg 424w, https:\/\/www.grade.org.pe\/creer\/archivos\/CREER-Sesiones-Portadas_MATE-S02.jpg 595w\" sizes=\"auto, (max-width: 283px) 100vw, 283px\" \/><\/a> <a href=\"https:\/\/www.grade.org.pe\/creer\/recurso\/anexos-de-la-sesion-no-2-matematica-jugamos-con-semillas\/\" target=\"_blank\" rel=\"noopener\"><img loading=\"lazy\" decoding=\"async\" class=\"alignnone wp-image-3206\" src=\"https:\/\/www.grade.org.pe\/creer\/archivos\/CREER-Sesiones-Portadas_MATE-A02-424x600.jpg\" alt=\"\" width=\"283\" height=\"400\" srcset=\"https:\/\/www.grade.org.pe\/creer\/archivos\/CREER-Sesiones-Portadas_MATE-A02-424x600.jpg 424w, https:\/\/www.grade.org.pe\/creer\/archivos\/CREER-Sesiones-Portadas_MATE-A02.jpg 595w\" sizes=\"auto, (max-width: 283px) 100vw, 283px\" \/><\/a><\/p>\n<p>&nbsp;<\/p>\n<h3 data-start=\"1528\" data-end=\"1851\">Sesi\u00f3n N\u00ba 3 &#8211; <span style=\"color: #039dd9;\">Matem\u00e1tica:<\/span> \u00abSomos vendedores de rosquitas cajamarquinas\u00bb<\/h3>\n<p><a href=\"https:\/\/www.grade.org.pe\/creer\/recurso\/sesiones-de-aprendizaje-creer-no-3-matematica-somos-vendedores-de-rosquitas-cajamarquinas\/\" target=\"_blank\" rel=\"noopener\"><img loading=\"lazy\" decoding=\"async\" class=\"alignnone wp-image-3222\" src=\"https:\/\/www.grade.org.pe\/creer\/archivos\/CREER-Sesiones-Portadas_MATE-S03-424x600.jpg\" alt=\"\" width=\"283\" height=\"400\" srcset=\"https:\/\/www.grade.org.pe\/creer\/archivos\/CREER-Sesiones-Portadas_MATE-S03-424x600.jpg 424w, https:\/\/www.grade.org.pe\/creer\/archivos\/CREER-Sesiones-Portadas_MATE-S03.jpg 595w\" sizes=\"auto, (max-width: 283px) 100vw, 283px\" \/><\/a> <a href=\"https:\/\/www.grade.org.pe\/creer\/recurso\/anexos-de-la-sesion-no-3-matematica-somos-vendedores-de-rosquitas-cajamarquinas\/\" target=\"_blank\" rel=\"noopener\"><img loading=\"lazy\" decoding=\"async\" class=\"alignnone wp-image-3207\" src=\"https:\/\/www.grade.org.pe\/creer\/archivos\/CREER-Sesiones-Portadas_MATE-A03-424x600.jpg\" alt=\"\" width=\"283\" height=\"400\" srcset=\"https:\/\/www.grade.org.pe\/creer\/archivos\/CREER-Sesiones-Portadas_MATE-A03-424x600.jpg 424w, https:\/\/www.grade.org.pe\/creer\/archivos\/CREER-Sesiones-Portadas_MATE-A03.jpg 595w\" sizes=\"auto, (max-width: 283px) 100vw, 283px\" \/><\/a><\/p>\n<p>&nbsp;<\/p>\n<h3 data-start=\"1528\" data-end=\"1851\">Sesi\u00f3n N\u00ba 4 &#8211; <span style=\"color: #039dd9;\">Matem\u00e1tica:<\/span> \u00abJugamos a la tiendita\u00bb<\/h3>\n<p><a href=\"https:\/\/www.grade.org.pe\/creer\/recurso\/sesiones-de-aprendizaje-creer-no-4-matematica-jugamos-a-la-tiendita\/\" target=\"_blank\" rel=\"noopener\"><img loading=\"lazy\" decoding=\"async\" class=\"alignnone wp-image-3223\" src=\"https:\/\/www.grade.org.pe\/creer\/archivos\/CREER-Sesiones-Portadas_MATE-S04-424x600.jpg\" alt=\"\" width=\"283\" height=\"400\" srcset=\"https:\/\/www.grade.org.pe\/creer\/archivos\/CREER-Sesiones-Portadas_MATE-S04-424x600.jpg 424w, https:\/\/www.grade.org.pe\/creer\/archivos\/CREER-Sesiones-Portadas_MATE-S04.jpg 595w\" sizes=\"auto, (max-width: 283px) 100vw, 283px\" \/><\/a> <a href=\"https:\/\/www.grade.org.pe\/creer\/recurso\/anexos-de-la-sesion-no-4-matematica-jugamos-a-la-tiendita\/\" target=\"_blank\" rel=\"noopener\"><img loading=\"lazy\" decoding=\"async\" class=\"alignnone wp-image-3208\" src=\"https:\/\/www.grade.org.pe\/creer\/archivos\/CREER-Sesiones-Portadas_MATE-A04-424x600.jpg\" alt=\"\" width=\"283\" height=\"400\" srcset=\"https:\/\/www.grade.org.pe\/creer\/archivos\/CREER-Sesiones-Portadas_MATE-A04-424x600.jpg 424w, https:\/\/www.grade.org.pe\/creer\/archivos\/CREER-Sesiones-Portadas_MATE-A04.jpg 595w\" sizes=\"auto, (max-width: 283px) 100vw, 283px\" \/><\/a><\/p>\n<p>&nbsp;<\/p>\n<h3 data-start=\"1528\" data-end=\"1851\">Sesi\u00f3n N\u00ba 5 &#8211; <span style=\"color: #039dd9;\">Matem\u00e1tica:<\/span> \u00abJuguemos al tumbalatas matem\u00e1tico\u00bb<\/h3>\n<p><a href=\"https:\/\/www.grade.org.pe\/creer\/recurso\/sesiones-de-aprendizaje-creer-no-5-matematica-juguemos-al-tumbalatas-matematico\/\" target=\"_blank\" rel=\"noopener\"><img loading=\"lazy\" decoding=\"async\" class=\"alignnone wp-image-3224\" src=\"https:\/\/www.grade.org.pe\/creer\/archivos\/CREER-Sesiones-Portadas_MATE-S05-424x600.jpg\" alt=\"\" width=\"283\" height=\"400\" srcset=\"https:\/\/www.grade.org.pe\/creer\/archivos\/CREER-Sesiones-Portadas_MATE-S05-424x600.jpg 424w, https:\/\/www.grade.org.pe\/creer\/archivos\/CREER-Sesiones-Portadas_MATE-S05.jpg 595w\" sizes=\"auto, (max-width: 283px) 100vw, 283px\" \/><\/a> <a href=\"https:\/\/www.grade.org.pe\/creer\/recurso\/anexos-de-la-sesion-no-5-matematica-juguemos-al-tumbalatas-matematico\/\" target=\"_blank\" rel=\"noopener\"><img loading=\"lazy\" decoding=\"async\" class=\"alignnone wp-image-3209\" src=\"https:\/\/www.grade.org.pe\/creer\/archivos\/CREER-Sesiones-Portadas_MATE-A05-424x600.jpg\" alt=\"\" width=\"283\" height=\"400\" srcset=\"https:\/\/www.grade.org.pe\/creer\/archivos\/CREER-Sesiones-Portadas_MATE-A05-424x600.jpg 424w, https:\/\/www.grade.org.pe\/creer\/archivos\/CREER-Sesiones-Portadas_MATE-A05.jpg 595w\" sizes=\"auto, (max-width: 283px) 100vw, 283px\" \/><\/a><\/p>\n<p>&nbsp;<\/p>\n<h3 data-start=\"1528\" data-end=\"1851\">Sesi\u00f3n N\u00ba 6 &#8211; <span style=\"color: #039dd9;\">Matem\u00e1tica:<\/span> \u00abOrdenamos y agrupamos sumas\u00bb<\/h3>\n<p><a href=\"https:\/\/www.grade.org.pe\/creer\/recurso\/sesiones-de-aprendizaje-creer-no-6-matematica-ordenamos-y-agrupamos-sumas\/\" target=\"_blank\" rel=\"noopener\"><img loading=\"lazy\" decoding=\"async\" class=\"alignnone wp-image-3225\" src=\"https:\/\/www.grade.org.pe\/creer\/archivos\/CREER-Sesiones-Portadas_MATE-S06-424x600.jpg\" alt=\"\" width=\"283\" height=\"400\" srcset=\"https:\/\/www.grade.org.pe\/creer\/archivos\/CREER-Sesiones-Portadas_MATE-S06-424x600.jpg 424w, https:\/\/www.grade.org.pe\/creer\/archivos\/CREER-Sesiones-Portadas_MATE-S06.jpg 595w\" sizes=\"auto, (max-width: 283px) 100vw, 283px\" \/><\/a> <a href=\"https:\/\/www.grade.org.pe\/creer\/recurso\/anexos-de-la-sesion-no-6-matematica-ordenamos-y-agrupamos-sumas\/\" target=\"_blank\" rel=\"noopener\"><img loading=\"lazy\" decoding=\"async\" class=\"alignnone wp-image-3210\" src=\"https:\/\/www.grade.org.pe\/creer\/archivos\/CREER-Sesiones-Portadas_MATE-A06-424x600.jpg\" alt=\"\" width=\"283\" height=\"400\" srcset=\"https:\/\/www.grade.org.pe\/creer\/archivos\/CREER-Sesiones-Portadas_MATE-A06-424x600.jpg 424w, https:\/\/www.grade.org.pe\/creer\/archivos\/CREER-Sesiones-Portadas_MATE-A06.jpg 595w\" sizes=\"auto, (max-width: 283px) 100vw, 283px\" \/><\/a><\/p>\n<p>&nbsp;<\/p>\n<h3 data-start=\"1528\" data-end=\"1851\">Sesi\u00f3n N\u00ba 7 &#8211; <span style=\"color: #039dd9;\">Matem\u00e1tica:<\/span> \u00ab\u00bfPor qu\u00e9 un n\u00famero es el doble de otro?\u00bb<\/h3>\n<p><a href=\"https:\/\/www.grade.org.pe\/creer\/recurso\/sesiones-de-aprendizaje-creer-no-7-matematica-por-que-un-numero-es-el-doble-de-otro\/\" target=\"_blank\" rel=\"noopener\"><img loading=\"lazy\" decoding=\"async\" class=\"alignnone wp-image-3226\" src=\"https:\/\/www.grade.org.pe\/creer\/archivos\/CREER-Sesiones-Portadas_MATE-S07-424x600.jpg\" alt=\"\" width=\"283\" height=\"400\" srcset=\"https:\/\/www.grade.org.pe\/creer\/archivos\/CREER-Sesiones-Portadas_MATE-S07-424x600.jpg 424w, https:\/\/www.grade.org.pe\/creer\/archivos\/CREER-Sesiones-Portadas_MATE-S07.jpg 595w\" sizes=\"auto, (max-width: 283px) 100vw, 283px\" \/><\/a> <a href=\"https:\/\/www.grade.org.pe\/creer\/recurso\/anexos-de-la-sesion-no-7-matematica-por-que-un-numero-es-el-doble-de-otro\/\" target=\"_blank\" rel=\"noopener\"><img loading=\"lazy\" decoding=\"async\" class=\"alignnone wp-image-3211\" src=\"https:\/\/www.grade.org.pe\/creer\/archivos\/CREER-Sesiones-Portadas_MATE-A07-424x600.jpg\" alt=\"\" width=\"283\" height=\"400\" srcset=\"https:\/\/www.grade.org.pe\/creer\/archivos\/CREER-Sesiones-Portadas_MATE-A07-424x600.jpg 424w, https:\/\/www.grade.org.pe\/creer\/archivos\/CREER-Sesiones-Portadas_MATE-A07.jpg 595w\" sizes=\"auto, (max-width: 283px) 100vw, 283px\" \/><\/a><\/p>\n<p>&nbsp;<\/p>\n<h3 data-start=\"1528\" data-end=\"1851\">Sesi\u00f3n N\u00ba 8 &#8211; <span style=\"color: #039dd9;\">Matem\u00e1tica:<\/span> \u00abSumamos y restamos desde el valor posicional\u00bb<\/h3>\n<p><a href=\"https:\/\/www.grade.org.pe\/creer\/recurso\/sesiones-de-aprendizaje-creer-no-8-matematica-sumamos-y-restamos-desde-el-valor-posicional\/\" target=\"_blank\" rel=\"noopener\"><img loading=\"lazy\" decoding=\"async\" class=\"alignnone wp-image-3227\" src=\"https:\/\/www.grade.org.pe\/creer\/archivos\/CREER-Sesiones-Portadas_MATE-S08-424x600.jpg\" alt=\"\" width=\"283\" height=\"400\" srcset=\"https:\/\/www.grade.org.pe\/creer\/archivos\/CREER-Sesiones-Portadas_MATE-S08-424x600.jpg 424w, https:\/\/www.grade.org.pe\/creer\/archivos\/CREER-Sesiones-Portadas_MATE-S08.jpg 595w\" sizes=\"auto, (max-width: 283px) 100vw, 283px\" \/><\/a> <a href=\"https:\/\/www.grade.org.pe\/creer\/recurso\/anexos-de-la-sesion-no-8-matematica-sumamos-y-restamos-desde-el-valor-posicional\/\" target=\"_blank\" rel=\"noopener\"><img loading=\"lazy\" decoding=\"async\" class=\"alignnone wp-image-3212\" src=\"https:\/\/www.grade.org.pe\/creer\/archivos\/CREER-Sesiones-Portadas_MATE-A08-424x600.jpg\" alt=\"\" width=\"283\" height=\"400\" srcset=\"https:\/\/www.grade.org.pe\/creer\/archivos\/CREER-Sesiones-Portadas_MATE-A08-424x600.jpg 424w, https:\/\/www.grade.org.pe\/creer\/archivos\/CREER-Sesiones-Portadas_MATE-A08.jpg 595w\" sizes=\"auto, (max-width: 283px) 100vw, 283px\" \/><\/a><\/p>\n<p>&nbsp;<\/p>\n<h3 data-start=\"1528\" data-end=\"1851\">Sesi\u00f3n N\u00ba 9 &#8211; <span style=\"color: #039dd9;\">Matem\u00e1tica:<\/span> \u00abRepresentamos los n\u00fameros de formas novedosas\u00bb<\/h3>\n<p><a href=\"https:\/\/www.grade.org.pe\/creer\/recurso\/sesiones-de-aprendizaje-creer-no-9-matematica-representamos-los-numeros-de-formas-novedosas\/\" target=\"_blank\" rel=\"noopener\"><img loading=\"lazy\" decoding=\"async\" class=\"alignnone wp-image-3228\" src=\"https:\/\/www.grade.org.pe\/creer\/archivos\/CREER-Sesiones-Portadas_MATE-S09-424x600.jpg\" alt=\"\" width=\"283\" height=\"400\" srcset=\"https:\/\/www.grade.org.pe\/creer\/archivos\/CREER-Sesiones-Portadas_MATE-S09-424x600.jpg 424w, https:\/\/www.grade.org.pe\/creer\/archivos\/CREER-Sesiones-Portadas_MATE-S09.jpg 595w\" sizes=\"auto, (max-width: 283px) 100vw, 283px\" \/><\/a> <a href=\"https:\/\/www.grade.org.pe\/creer\/recurso\/anexos-de-la-sesion-no-9-matematica-representamos-los-numeros-de-formas-novedosas\/\" target=\"_blank\" rel=\"noopener\"><img loading=\"lazy\" decoding=\"async\" class=\"alignnone wp-image-3213\" src=\"https:\/\/www.grade.org.pe\/creer\/archivos\/CREER-Sesiones-Portadas_MATE-A09-424x600.jpg\" alt=\"\" width=\"283\" height=\"400\" srcset=\"https:\/\/www.grade.org.pe\/creer\/archivos\/CREER-Sesiones-Portadas_MATE-A09-424x600.jpg 424w, https:\/\/www.grade.org.pe\/creer\/archivos\/CREER-Sesiones-Portadas_MATE-A09.jpg 595w\" sizes=\"auto, (max-width: 283px) 100vw, 283px\" \/><\/a><\/p>\n<p>&nbsp;<\/p>\n<h3 data-start=\"1528\" data-end=\"1851\">Sesi\u00f3n N\u00ba 10 &#8211; <span style=\"color: #039dd9;\">Matem\u00e1tica:<\/span> \u00abResolvemos problemas con sumas reagrupando\u00bb<\/h3>\n<p><a href=\"https:\/\/www.grade.org.pe\/creer\/recurso\/sesiones-de-aprendizaje-creer-no-10-matematica-resolvemos-problemas-con-sumas-reagrupando\/\" target=\"_blank\" rel=\"noopener\"><img loading=\"lazy\" decoding=\"async\" class=\"alignnone wp-image-3229\" src=\"https:\/\/www.grade.org.pe\/creer\/archivos\/CREER-Sesiones-Portadas_MATE-S10-424x600.jpg\" alt=\"\" width=\"283\" height=\"400\" srcset=\"https:\/\/www.grade.org.pe\/creer\/archivos\/CREER-Sesiones-Portadas_MATE-S10-424x600.jpg 424w, https:\/\/www.grade.org.pe\/creer\/archivos\/CREER-Sesiones-Portadas_MATE-S10.jpg 595w\" sizes=\"auto, (max-width: 283px) 100vw, 283px\" \/><\/a> <a href=\"https:\/\/www.grade.org.pe\/creer\/recurso\/anexos-de-la-sesion-no-10-matematica-resolvemos-problemas-con-sumas-reagrupando\/\" target=\"_blank\" rel=\"noopener\"><img loading=\"lazy\" decoding=\"async\" class=\"alignnone wp-image-3214\" src=\"https:\/\/www.grade.org.pe\/creer\/archivos\/CREER-Sesiones-Portadas_MATE-A10-424x600.jpg\" alt=\"\" width=\"283\" height=\"400\" srcset=\"https:\/\/www.grade.org.pe\/creer\/archivos\/CREER-Sesiones-Portadas_MATE-A10-424x600.jpg 424w, https:\/\/www.grade.org.pe\/creer\/archivos\/CREER-Sesiones-Portadas_MATE-A10.jpg 595w\" sizes=\"auto, (max-width: 283px) 100vw, 283px\" \/><\/a><\/p>\n<p>&nbsp;<\/p>\n<h3 data-start=\"1528\" data-end=\"1851\">Sesi\u00f3n N\u00ba 11 &#8211; <span style=\"color: #039dd9;\">Matem\u00e1tica:<\/span> \u00abCalculamos con varias estrategias de suma\u00bb<\/h3>\n<p><a href=\"https:\/\/www.grade.org.pe\/creer\/recurso\/sesiones-de-aprendizaje-creer-no-11-matematica-calculamos-con-varias-estrategias-de-suma\/\" target=\"_blank\" rel=\"noopener\"><img loading=\"lazy\" decoding=\"async\" class=\"alignnone wp-image-3230\" src=\"https:\/\/www.grade.org.pe\/creer\/archivos\/CREER-Sesiones-Portadas_MATE-S11-424x600.jpg\" alt=\"\" width=\"283\" height=\"400\" srcset=\"https:\/\/www.grade.org.pe\/creer\/archivos\/CREER-Sesiones-Portadas_MATE-S11-424x600.jpg 424w, https:\/\/www.grade.org.pe\/creer\/archivos\/CREER-Sesiones-Portadas_MATE-S11.jpg 595w\" sizes=\"auto, (max-width: 283px) 100vw, 283px\" \/><\/a> <a href=\"https:\/\/www.grade.org.pe\/creer\/recurso\/anexos-de-la-sesion-no-11-matematica-calculamos-con-varias-estrategias-de-suma\/\" target=\"_blank\" rel=\"noopener\"><img loading=\"lazy\" decoding=\"async\" class=\"alignnone wp-image-3215\" src=\"https:\/\/www.grade.org.pe\/creer\/archivos\/CREER-Sesiones-Portadas_MATE-A11-424x600.jpg\" alt=\"\" width=\"283\" height=\"400\" srcset=\"https:\/\/www.grade.org.pe\/creer\/archivos\/CREER-Sesiones-Portadas_MATE-A11-424x600.jpg 424w, https:\/\/www.grade.org.pe\/creer\/archivos\/CREER-Sesiones-Portadas_MATE-A11.jpg 595w\" sizes=\"auto, (max-width: 283px) 100vw, 283px\" \/><\/a><\/p>\n<p>&nbsp;<\/p>\n<h3 data-start=\"1528\" data-end=\"1851\">Sesi\u00f3n N\u00ba 12 &#8211; <span style=\"color: #039dd9;\">Matem\u00e1tica:<\/span> \u00abCalculamos restas descomponiendo n\u00fameros\u00bb<\/h3>\n<p><a href=\"https:\/\/www.grade.org.pe\/creer\/recurso\/sesiones-de-aprendizaje-creer-no-12-matematica-calculamos-restas-descomponiendo-numeros\/\" target=\"_blank\" rel=\"noopener\"><img loading=\"lazy\" decoding=\"async\" class=\"alignnone wp-image-3231\" src=\"https:\/\/www.grade.org.pe\/creer\/archivos\/CREER-Sesiones-Portadas_MATE-S12-424x600.jpg\" alt=\"\" width=\"283\" height=\"400\" srcset=\"https:\/\/www.grade.org.pe\/creer\/archivos\/CREER-Sesiones-Portadas_MATE-S12-424x600.jpg 424w, https:\/\/www.grade.org.pe\/creer\/archivos\/CREER-Sesiones-Portadas_MATE-S12.jpg 595w\" sizes=\"auto, (max-width: 283px) 100vw, 283px\" \/><\/a> <a href=\"https:\/\/www.grade.org.pe\/creer\/recurso\/anexos-de-la-sesion-no-12-matematica-calculamos-restas-descomponiendo-numeros\/\" target=\"_blank\" rel=\"noopener\"><img loading=\"lazy\" decoding=\"async\" class=\"alignnone wp-image-3216\" src=\"https:\/\/www.grade.org.pe\/creer\/archivos\/CREER-Sesiones-Portadas_MATE-A12-424x600.jpg\" alt=\"\" width=\"283\" height=\"400\" srcset=\"https:\/\/www.grade.org.pe\/creer\/archivos\/CREER-Sesiones-Portadas_MATE-A12-424x600.jpg 424w, https:\/\/www.grade.org.pe\/creer\/archivos\/CREER-Sesiones-Portadas_MATE-A12.jpg 595w\" sizes=\"auto, (max-width: 283px) 100vw, 283px\" \/><\/a><\/p>\n<p>&nbsp;<\/p>\n<h3 data-start=\"1528\" data-end=\"1851\">Sesi\u00f3n N\u00ba 13 &#8211; <span style=\"color: #039dd9;\">Matem\u00e1tica:<\/span> \u00abCompramos online\u00bb<\/h3>\n<p><a href=\"https:\/\/www.grade.org.pe\/creer\/recurso\/sesiones-de-aprendizaje-creer-no-13-matematica-compramos-online\/\" target=\"_blank\" rel=\"noopener\"><img loading=\"lazy\" decoding=\"async\" class=\"alignnone wp-image-3245\" src=\"https:\/\/www.grade.org.pe\/creer\/archivos\/CREER-Sesiones-Portadas_MAT-S13-424x600.jpg\" alt=\"\" width=\"283\" height=\"400\" srcset=\"https:\/\/www.grade.org.pe\/creer\/archivos\/CREER-Sesiones-Portadas_MAT-S13-424x600.jpg 424w, https:\/\/www.grade.org.pe\/creer\/archivos\/CREER-Sesiones-Portadas_MAT-S13.jpg 595w\" sizes=\"auto, (max-width: 283px) 100vw, 283px\" \/><\/a><a href=\"https:\/\/www.grade.org.pe\/creer\/recurso\/anexos-de-la-sesion-no-13-matematica-compramos-online\/\" target=\"_blank\" rel=\"noopener\"><img loading=\"lazy\" decoding=\"async\" class=\"alignnone wp-image-3217\" src=\"https:\/\/www.grade.org.pe\/creer\/archivos\/CREER-Sesiones-Portadas_MATE-A13-424x600.jpg\" alt=\"\" width=\"283\" height=\"400\" srcset=\"https:\/\/www.grade.org.pe\/creer\/archivos\/CREER-Sesiones-Portadas_MATE-A13-424x600.jpg 424w, https:\/\/www.grade.org.pe\/creer\/archivos\/CREER-Sesiones-Portadas_MATE-A13.jpg 595w\" sizes=\"auto, (max-width: 283px) 100vw, 283px\" \/><\/a><\/p>\n<p>&nbsp;<\/p>\n<h3 data-start=\"1528\" data-end=\"1851\">Sesi\u00f3n N\u00ba 14 &#8211; <span style=\"color: #039dd9;\">Matem\u00e1tica:<\/span> \u00ab\u00a1Calculamos!\u00bb<\/h3>\n<p><a href=\"https:\/\/www.grade.org.pe\/creer\/recurso\/sesiones-de-aprendizaje-creer-no-14-matematica-calculamos\/\" target=\"_blank\" rel=\"noopener\"><img loading=\"lazy\" decoding=\"async\" class=\"alignnone wp-image-3233\" src=\"https:\/\/www.grade.org.pe\/creer\/archivos\/CREER-Sesiones-Portadas_MATE-S14-424x600.jpg\" alt=\"\" width=\"283\" height=\"400\" srcset=\"https:\/\/www.grade.org.pe\/creer\/archivos\/CREER-Sesiones-Portadas_MATE-S14-424x600.jpg 424w, https:\/\/www.grade.org.pe\/creer\/archivos\/CREER-Sesiones-Portadas_MATE-S14.jpg 595w\" sizes=\"auto, (max-width: 283px) 100vw, 283px\" \/><\/a> <a href=\"https:\/\/www.grade.org.pe\/creer\/recurso\/anexos-de-la-sesion-no-14-matematica-calculamos\/\" target=\"_blank\" rel=\"noopener\"><img loading=\"lazy\" decoding=\"async\" class=\"alignnone wp-image-3218\" src=\"https:\/\/www.grade.org.pe\/creer\/archivos\/CREER-Sesiones-Portadas_MATE-A14-424x600.jpg\" alt=\"\" width=\"283\" height=\"400\" srcset=\"https:\/\/www.grade.org.pe\/creer\/archivos\/CREER-Sesiones-Portadas_MATE-A14-424x600.jpg 424w, https:\/\/www.grade.org.pe\/creer\/archivos\/CREER-Sesiones-Portadas_MATE-A14.jpg 595w\" sizes=\"auto, (max-width: 283px) 100vw, 283px\" \/><\/a><\/p>\n<p>&nbsp;<\/p>\n<h3 data-start=\"1528\" data-end=\"1851\">Sesi\u00f3n N\u00ba 15 &#8211; <span style=\"color: #039dd9;\">Matem\u00e1tica:<\/span> \u00abJugamos a reparticiones\u00bb<\/h3>\n<p><a href=\"https:\/\/www.grade.org.pe\/creer\/recurso\/sesiones-de-aprendizaje-creer-no-15-matematica-jugamos-a-reparticiones\/\" target=\"_blank\" rel=\"noopener\"><img loading=\"lazy\" decoding=\"async\" class=\"alignnone wp-image-3246\" src=\"https:\/\/www.grade.org.pe\/creer\/archivos\/CREER-Sesiones-Portadas_MAT-S15-424x600.jpg\" alt=\"\" width=\"283\" height=\"400\" srcset=\"https:\/\/www.grade.org.pe\/creer\/archivos\/CREER-Sesiones-Portadas_MAT-S15-424x600.jpg 424w, https:\/\/www.grade.org.pe\/creer\/archivos\/CREER-Sesiones-Portadas_MAT-S15.jpg 595w\" sizes=\"auto, (max-width: 283px) 100vw, 283px\" \/><\/a><a href=\"https:\/\/www.grade.org.pe\/creer\/recurso\/anexos-de-la-sesion-no-15-matematica-jugamos-a-reparticiones\/\" target=\"_blank\" rel=\"noopener\"><img loading=\"lazy\" decoding=\"async\" class=\"alignnone wp-image-3219\" src=\"https:\/\/www.grade.org.pe\/creer\/archivos\/CREER-Sesiones-Portadas_MATE-A15-424x600.jpg\" alt=\"\" width=\"283\" height=\"400\" srcset=\"https:\/\/www.grade.org.pe\/creer\/archivos\/CREER-Sesiones-Portadas_MATE-A15-424x600.jpg 424w, https:\/\/www.grade.org.pe\/creer\/archivos\/CREER-Sesiones-Portadas_MATE-A15.jpg 595w\" sizes=\"auto, (max-width: 283px) 100vw, 283px\" \/><\/a><\/p>\n<p>&nbsp;<\/p>\n<p>&nbsp;<\/p>\n","protected":false},"excerpt":{"rendered":"<p>Desde 2022, el Proyecto CREER \u2013 Creciendo con las Escuelas Rurales Multigrado del Per\u00fa, implementado por GRADE con el apoyo de Old Dart Foundation, ha trabajado con docentes y comunidades educativas de 32 escuelas en Cajamarca para fortalecer los aprendizajes en aulas multigrado. Como parte de este esfuerzo, nos entusiasma compartir las sesiones de aprendizaje [&hellip;]<\/p>\n","protected":false},"featured_media":0,"template":"","class_list":["post-3501","actividad","type-actividad","status-publish","hentry"],"acf":[],"yoast_head":"<!-- This site is optimized with the Yoast SEO plugin v26.9 - https:\/\/yoast.com\/product\/yoast-seo-wordpress\/ -->\n<title>Comunicaci\u00f3n? - Proyecto CREER<\/title>\n<meta name=\"robots\" content=\"index, follow, max-snippet:-1, max-image-preview:large, max-video-preview:-1\" \/>\n<link rel=\"canonical\" href=\"https:\/\/www.grade.org.pe\/creer\/actividad\/hola\/\" \/>\n<meta property=\"og:locale\" content=\"es_ES\" \/>\n<meta property=\"og:type\" content=\"article\" \/>\n<meta property=\"og:title\" content=\"Comunicaci\u00f3n? - Proyecto CREER\" \/>\n<meta property=\"og:description\" content=\"Desde 2022, el Proyecto CREER \u2013 Creciendo con las Escuelas Rurales Multigrado del Per\u00fa, implementado por GRADE con el apoyo de Old Dart Foundation, ha trabajado con docentes y comunidades educativas de 32 escuelas en Cajamarca para fortalecer los aprendizajes en aulas multigrado. Como parte de este esfuerzo, nos entusiasma compartir las sesiones de aprendizaje [&hellip;]\" \/>\n<meta property=\"og:url\" content=\"https:\/\/www.grade.org.pe\/creer\/actividad\/hola\/\" \/>\n<meta property=\"og:site_name\" content=\"Proyecto CREER\" \/>\n<meta property=\"article:publisher\" content=\"https:\/\/www.facebook.com\/creergrade\/\" \/>\n<meta property=\"article:modified_time\" content=\"2026-04-29T14:22:17+00:00\" \/>\n<meta property=\"og:image\" content=\"https:\/\/www.grade.org.pe\/creer\/archivos\/CREER-Sesiones_Web.png\" \/>\n\t<meta property=\"og:image:width\" content=\"2000\" \/>\n\t<meta property=\"og:image:height\" content=\"500\" \/>\n\t<meta property=\"og:image:type\" content=\"image\/png\" \/>\n<meta name=\"twitter:card\" content=\"summary_large_image\" \/>\n<meta name=\"twitter:label1\" content=\"Tiempo de lectura\" \/>\n\t<meta name=\"twitter:data1\" content=\"16 minutos\" \/>\n<script type=\"application\/ld+json\" class=\"yoast-schema-graph\">{\"@context\":\"https:\/\/schema.org\",\"@graph\":[{\"@type\":\"WebPage\",\"@id\":\"https:\/\/www.grade.org.pe\/creer\/actividad\/hola\/\",\"url\":\"https:\/\/www.grade.org.pe\/creer\/actividad\/hola\/\",\"name\":\"Comunicaci\u00f3n? - Proyecto CREER\",\"isPartOf\":{\"@id\":\"https:\/\/www.grade.org.pe\/creer\/#website\"},\"primaryImageOfPage\":{\"@id\":\"https:\/\/www.grade.org.pe\/creer\/actividad\/hola\/#primaryimage\"},\"image\":{\"@id\":\"https:\/\/www.grade.org.pe\/creer\/actividad\/hola\/#primaryimage\"},\"thumbnailUrl\":\"https:\/\/www.grade.org.pe\/creer\/archivos\/CREER-Sesiones_Web-1200x300.png\",\"datePublished\":\"2026-04-29T14:21:21+00:00\",\"dateModified\":\"2026-04-29T14:22:17+00:00\",\"breadcrumb\":{\"@id\":\"https:\/\/www.grade.org.pe\/creer\/actividad\/hola\/#breadcrumb\"},\"inLanguage\":\"es\",\"potentialAction\":[{\"@type\":\"ReadAction\",\"target\":[\"https:\/\/www.grade.org.pe\/creer\/actividad\/hola\/\"]}]},{\"@type\":\"ImageObject\",\"inLanguage\":\"es\",\"@id\":\"https:\/\/www.grade.org.pe\/creer\/actividad\/hola\/#primaryimage\",\"url\":\"https:\/\/www.grade.org.pe\/creer\/archivos\/CREER-Sesiones_Web.png\",\"contentUrl\":\"https:\/\/www.grade.org.pe\/creer\/archivos\/CREER-Sesiones_Web.png\",\"width\":2000,\"height\":500},{\"@type\":\"BreadcrumbList\",\"@id\":\"https:\/\/www.grade.org.pe\/creer\/actividad\/hola\/#breadcrumb\",\"itemListElement\":[{\"@type\":\"ListItem\",\"position\":1,\"name\":\"Portada\",\"item\":\"https:\/\/www.grade.org.pe\/creer\/\"},{\"@type\":\"ListItem\",\"position\":2,\"name\":\"Actividades\",\"item\":\"https:\/\/www.grade.org.pe\/creer\/actividades\/\"},{\"@type\":\"ListItem\",\"position\":3,\"name\":\"Comunicaci\u00f3n?\"}]},{\"@type\":\"WebSite\",\"@id\":\"https:\/\/www.grade.org.pe\/creer\/#website\",\"url\":\"https:\/\/www.grade.org.pe\/creer\/\",\"name\":\"Proyecto CREER\",\"description\":\"Creciendo con las Escuelas Rurales Multigrado del Per\u00fa\",\"publisher\":{\"@id\":\"https:\/\/www.grade.org.pe\/creer\/#organization\"},\"potentialAction\":[{\"@type\":\"SearchAction\",\"target\":{\"@type\":\"EntryPoint\",\"urlTemplate\":\"https:\/\/www.grade.org.pe\/creer\/?s={search_term_string}\"},\"query-input\":{\"@type\":\"PropertyValueSpecification\",\"valueRequired\":true,\"valueName\":\"search_term_string\"}}],\"inLanguage\":\"es\"},{\"@type\":\"Organization\",\"@id\":\"https:\/\/www.grade.org.pe\/creer\/#organization\",\"name\":\"Proyecto CREER\",\"url\":\"https:\/\/www.grade.org.pe\/creer\/\",\"logo\":{\"@type\":\"ImageObject\",\"inLanguage\":\"es\",\"@id\":\"https:\/\/www.grade.org.pe\/creer\/#\/schema\/logo\/image\/\",\"url\":\"https:\/\/www.grade.org.pe\/creer\/archivos\/logo-creer.png\",\"contentUrl\":\"https:\/\/www.grade.org.pe\/creer\/archivos\/logo-creer.png\",\"width\":802,\"height\":258,\"caption\":\"Proyecto CREER\"},\"image\":{\"@id\":\"https:\/\/www.grade.org.pe\/creer\/#\/schema\/logo\/image\/\"},\"sameAs\":[\"https:\/\/www.facebook.com\/creergrade\/\"]}]}<\/script>\n<!-- \/ Yoast SEO plugin. -->","yoast_head_json":{"title":"Comunicaci\u00f3n? - Proyecto CREER","robots":{"index":"index","follow":"follow","max-snippet":"max-snippet:-1","max-image-preview":"max-image-preview:large","max-video-preview":"max-video-preview:-1"},"canonical":"https:\/\/www.grade.org.pe\/creer\/actividad\/hola\/","og_locale":"es_ES","og_type":"article","og_title":"Comunicaci\u00f3n? - Proyecto CREER","og_description":"Desde 2022, el Proyecto CREER \u2013 Creciendo con las Escuelas Rurales Multigrado del Per\u00fa, implementado por GRADE con el apoyo de Old Dart Foundation, ha trabajado con docentes y comunidades educativas de 32 escuelas en Cajamarca para fortalecer los aprendizajes en aulas multigrado. Como parte de este esfuerzo, nos entusiasma compartir las sesiones de aprendizaje [&hellip;]","og_url":"https:\/\/www.grade.org.pe\/creer\/actividad\/hola\/","og_site_name":"Proyecto CREER","article_publisher":"https:\/\/www.facebook.com\/creergrade\/","article_modified_time":"2026-04-29T14:22:17+00:00","og_image":[{"width":2000,"height":500,"url":"https:\/\/www.grade.org.pe\/creer\/archivos\/CREER-Sesiones_Web.png","type":"image\/png"}],"twitter_card":"summary_large_image","twitter_misc":{"Tiempo de lectura":"16 minutos"},"schema":{"@context":"https:\/\/schema.org","@graph":[{"@type":"WebPage","@id":"https:\/\/www.grade.org.pe\/creer\/actividad\/hola\/","url":"https:\/\/www.grade.org.pe\/creer\/actividad\/hola\/","name":"Comunicaci\u00f3n? - Proyecto CREER","isPartOf":{"@id":"https:\/\/www.grade.org.pe\/creer\/#website"},"primaryImageOfPage":{"@id":"https:\/\/www.grade.org.pe\/creer\/actividad\/hola\/#primaryimage"},"image":{"@id":"https:\/\/www.grade.org.pe\/creer\/actividad\/hola\/#primaryimage"},"thumbnailUrl":"https:\/\/www.grade.org.pe\/creer\/archivos\/CREER-Sesiones_Web-1200x300.png","datePublished":"2026-04-29T14:21:21+00:00","dateModified":"2026-04-29T14:22:17+00:00","breadcrumb":{"@id":"https:\/\/www.grade.org.pe\/creer\/actividad\/hola\/#breadcrumb"},"inLanguage":"es","potentialAction":[{"@type":"ReadAction","target":["https:\/\/www.grade.org.pe\/creer\/actividad\/hola\/"]}]},{"@type":"ImageObject","inLanguage":"es","@id":"https:\/\/www.grade.org.pe\/creer\/actividad\/hola\/#primaryimage","url":"https:\/\/www.grade.org.pe\/creer\/archivos\/CREER-Sesiones_Web.png","contentUrl":"https:\/\/www.grade.org.pe\/creer\/archivos\/CREER-Sesiones_Web.png","width":2000,"height":500},{"@type":"BreadcrumbList","@id":"https:\/\/www.grade.org.pe\/creer\/actividad\/hola\/#breadcrumb","itemListElement":[{"@type":"ListItem","position":1,"name":"Portada","item":"https:\/\/www.grade.org.pe\/creer\/"},{"@type":"ListItem","position":2,"name":"Actividades","item":"https:\/\/www.grade.org.pe\/creer\/actividades\/"},{"@type":"ListItem","position":3,"name":"Comunicaci\u00f3n?"}]},{"@type":"WebSite","@id":"https:\/\/www.grade.org.pe\/creer\/#website","url":"https:\/\/www.grade.org.pe\/creer\/","name":"Proyecto CREER","description":"Creciendo con las Escuelas Rurales Multigrado del Per\u00fa","publisher":{"@id":"https:\/\/www.grade.org.pe\/creer\/#organization"},"potentialAction":[{"@type":"SearchAction","target":{"@type":"EntryPoint","urlTemplate":"https:\/\/www.grade.org.pe\/creer\/?s={search_term_string}"},"query-input":{"@type":"PropertyValueSpecification","valueRequired":true,"valueName":"search_term_string"}}],"inLanguage":"es"},{"@type":"Organization","@id":"https:\/\/www.grade.org.pe\/creer\/#organization","name":"Proyecto CREER","url":"https:\/\/www.grade.org.pe\/creer\/","logo":{"@type":"ImageObject","inLanguage":"es","@id":"https:\/\/www.grade.org.pe\/creer\/#\/schema\/logo\/image\/","url":"https:\/\/www.grade.org.pe\/creer\/archivos\/logo-creer.png","contentUrl":"https:\/\/www.grade.org.pe\/creer\/archivos\/logo-creer.png","width":802,"height":258,"caption":"Proyecto CREER"},"image":{"@id":"https:\/\/www.grade.org.pe\/creer\/#\/schema\/logo\/image\/"},"sameAs":["https:\/\/www.facebook.com\/creergrade\/"]}]}},"_links":{"self":[{"href":"https:\/\/www.grade.org.pe\/creer\/wp-json\/wp\/v2\/actividad\/3501","targetHints":{"allow":["GET"]}}],"collection":[{"href":"https:\/\/www.grade.org.pe\/creer\/wp-json\/wp\/v2\/actividad"}],"about":[{"href":"https:\/\/www.grade.org.pe\/creer\/wp-json\/wp\/v2\/types\/actividad"}],"wp:attachment":[{"href":"https:\/\/www.grade.org.pe\/creer\/wp-json\/wp\/v2\/media?parent=3501"}],"curies":[{"name":"wp","href":"https:\/\/api.w.org\/{rel}","templated":true}]}}